{"id":164,"date":"2017-04-07T19:48:58","date_gmt":"2017-04-07T17:48:58","guid":{"rendered":"http:\/\/anaisinparis.com\/blog\/?page_id=164"},"modified":"2018-08-25T14:38:17","modified_gmt":"2018-08-25T12:38:17","slug":"ecole-maternelle","status":"publish","type":"page","link":"https:\/\/anaisinparis.com\/blog\/index.php\/architecture\/ecole-maternelle\/","title":{"rendered":"ECOLE MATERNELLE"},"content":{"rendered":"<p>Projet de fin d&rsquo;\u00e9tudes &#8211; \u00a0BTS Design d&rsquo;Espace &#8211; Juin 2013<\/p>\n<p>Dans le cadre de mes \u00e9tudes, j&rsquo;ai \u00e9t\u00e9 amen\u00e9e \u00e0 travailler sur la r\u00e9habilitation d&rsquo;une \u00e9cole primaire en une \u00e9cole maternelle. Apr\u00e8s une analyse approfondie du contexte ainsi que du programme d&rsquo;une \u00e9cole maternelle et ce qui en fait un lieu particulier du point de vu des usages et des usagers, j&rsquo;ai \u00e9t\u00e9 amen\u00e9e \u00e0 imaginer un projet que je voulais ludique, amusant et color\u00e9 pour l&rsquo;univers des enfants. L&rsquo;un des enjeux de ce projet \u00e9tait de rendre compatible mes id\u00e9es avec les normes de s\u00e9curit\u00e9 qu&rsquo;impliquent un \u00e9tablissement scolaire (ERP) ainsi qu&rsquo;avec les normes relatives au handicap (PMR).<\/p>\n<p>Le b\u00e2timent existant, en brique, \u00e9tait constitu\u00e9 d&rsquo;un rez-de-chauss\u00e9e et de 3 \u00e9tages, dont les hauteurs sous plafond \u00e9taient de 4m20 sauf au dernier \u00e9tage, dans les parties mansard\u00e9es uniquement une hauteur de 2m80 au plus haut. Mon postulat de d\u00e9part a \u00e9t\u00e9 de constater que ces hauteurs sous plafond \u00e9taient trop hautes pour des enfants \u00e2g\u00e9s de 3 \u00e0 6 ans. J&rsquo;ai alors envisag\u00e9 la r\u00e9alisation de nouveaux planchers imbriqu\u00e9s dans des volumes paraissant flottants et dont la sous face serait visible et \u00e9clairante de l&rsquo;espace inf\u00e9rieur. Ainsi les cubes color\u00e9s seraient mis en l\u00e9vitation et en feraient un lieu intriguant et magique pour les enfants qui d\u00e9veloppent un certain attachement \u00e0 leurs premi\u00e8res \u00e9coles.<\/p>\n<figure id=\"attachment_197\" aria-describedby=\"caption-attachment-197\" style=\"width: 150px\" class=\"wp-caption alignleft\"><a href=\"http:\/\/anaisinparis.com\/blog\/wp-content\/uploads\/2017\/04\/BTS_projetPro_p1.jpg\"><img loading=\"lazy\" decoding=\"async\" class=\"wp-image-197 size-thumbnail\" title=\"Mise en page finale - P1\" src=\"http:\/\/anaisinparis.com\/blog\/wp-content\/uploads\/2017\/04\/BTS_projetPro_p1-150x150.jpg\" alt=\"\" width=\"150\" height=\"150\" \/><\/a><figcaption id=\"caption-attachment-197\" class=\"wp-caption-text\">Mise en page finale &#8211; P1<\/figcaption><\/figure>\n<figure id=\"attachment_198\" aria-describedby=\"caption-attachment-198\" style=\"width: 150px\" class=\"wp-caption alignleft\"><a href=\"http:\/\/anaisinparis.com\/blog\/wp-content\/uploads\/2017\/04\/BTS_projetPro_p2.jpg\"><img loading=\"lazy\" decoding=\"async\" class=\"wp-image-198 size-thumbnail\" title=\"Mise en page finale - P2\" src=\"http:\/\/anaisinparis.com\/blog\/wp-content\/uploads\/2017\/04\/BTS_projetPro_p2-150x150.jpg\" alt=\"\" width=\"150\" height=\"150\" \/><\/a><figcaption id=\"caption-attachment-198\" class=\"wp-caption-text\">Mise en page finale &#8211; P2<\/figcaption><\/figure>\n<figure id=\"attachment_199\" aria-describedby=\"caption-attachment-199\" style=\"width: 150px\" class=\"wp-caption alignleft\"><a href=\"http:\/\/anaisinparis.com\/blog\/wp-content\/uploads\/2017\/04\/BTS_projetPro_p3.jpg\"><img loading=\"lazy\" decoding=\"async\" class=\"wp-image-199 size-thumbnail\" title=\"Mise en page finale - P3\" src=\"http:\/\/anaisinparis.com\/blog\/wp-content\/uploads\/2017\/04\/BTS_projetPro_p3-150x150.jpg\" alt=\"\" width=\"150\" height=\"150\" \/><\/a><figcaption id=\"caption-attachment-199\" class=\"wp-caption-text\">Mise en page finale &#8211; P3<\/figcaption><\/figure>\n<figure id=\"attachment_200\" aria-describedby=\"caption-attachment-200\" style=\"width: 150px\" class=\"wp-caption alignleft\"><a href=\"http:\/\/anaisinparis.com\/blog\/wp-content\/uploads\/2017\/04\/BTS_projetPro_p4.jpg\"><img loading=\"lazy\" decoding=\"async\" class=\"wp-image-200 size-thumbnail\" title=\"Mise en page finale - P4\" src=\"http:\/\/anaisinparis.com\/blog\/wp-content\/uploads\/2017\/04\/BTS_projetPro_p4-150x150.jpg\" alt=\"\" width=\"150\" height=\"150\" \/><\/a><figcaption id=\"caption-attachment-200\" class=\"wp-caption-text\">Mise en page finale &#8211; P4<\/figcaption><\/figure>\n<figure id=\"attachment_201\" aria-describedby=\"caption-attachment-201\" style=\"width: 150px\" class=\"wp-caption alignleft\"><a href=\"http:\/\/anaisinparis.com\/blog\/wp-content\/uploads\/2017\/04\/BTS_projetPro_p5.jpg\"><img loading=\"lazy\" decoding=\"async\" class=\"wp-image-201 size-thumbnail\" title=\"Mise en page finale - P5\" src=\"http:\/\/anaisinparis.com\/blog\/wp-content\/uploads\/2017\/04\/BTS_projetPro_p5-150x150.jpg\" alt=\"\" width=\"150\" height=\"150\" \/><\/a><figcaption id=\"caption-attachment-201\" class=\"wp-caption-text\">Mise en page finale &#8211; P5<\/figcaption><\/figure>\n<figure id=\"attachment_160\" aria-describedby=\"caption-attachment-160\" style=\"width: 150px\" class=\"wp-caption alignleft\"><a href=\"http:\/\/anaisinparis.com\/blog\/wp-content\/uploads\/2017\/04\/COUPE-SUR-CC.jpg\"><img loading=\"lazy\" decoding=\"async\" class=\"wp-image-160 size-thumbnail\" title=\"Coupe transversale\" src=\"http:\/\/anaisinparis.com\/blog\/wp-content\/uploads\/2017\/04\/COUPE-SUR-CC-150x150.jpg\" alt=\"\" width=\"150\" height=\"150\" \/><\/a><figcaption id=\"caption-attachment-160\" class=\"wp-caption-text\">Coupe transversale &#8211; sur cours int\u00e9rieure<\/figcaption><\/figure>\n<figure id=\"attachment_159\" aria-describedby=\"caption-attachment-159\" style=\"width: 150px\" class=\"wp-caption alignleft\"><a href=\"http:\/\/anaisinparis.com\/blog\/wp-content\/uploads\/2017\/04\/COUPE-SUR-BB.jpg\"><img loading=\"lazy\" decoding=\"async\" class=\"wp-image-159 size-thumbnail\" title=\"Volumes int\u00e9rieurs\" src=\"http:\/\/anaisinparis.com\/blog\/wp-content\/uploads\/2017\/04\/COUPE-SUR-BB-150x150.jpg\" alt=\"\" width=\"150\" height=\"150\" \/><\/a><figcaption id=\"caption-attachment-159\" class=\"wp-caption-text\">Coupe longitudinale &#8211; dans les volumes int<\/figcaption><\/figure>\n<figure id=\"attachment_158\" aria-describedby=\"caption-attachment-158\" style=\"width: 150px\" class=\"wp-caption alignleft\"><img loading=\"lazy\" decoding=\"async\" class=\"wp-image-158 size-thumbnail\" title=\"Volumes color\u00e9s\" src=\"http:\/\/anaisinparis.com\/blog\/wp-content\/uploads\/2017\/04\/COUPE-SUR-AA-150x150.jpg\" alt=\"\" width=\"150\" height=\"150\" \/><figcaption id=\"caption-attachment-158\" class=\"wp-caption-text\">Coupe longitudinale &#8211; volumes color\u00e9s<\/figcaption><\/figure>\n<figure id=\"attachment_162\" aria-describedby=\"caption-attachment-162\" style=\"width: 150px\" class=\"wp-caption alignleft\"><a href=\"http:\/\/anaisinparis.com\/blog\/wp-content\/uploads\/2017\/04\/Fa\u00e7ade-avant.jpg\"><img loading=\"lazy\" decoding=\"async\" class=\"wp-image-162 size-thumbnail\" title=\"Maquette\" src=\"http:\/\/anaisinparis.com\/blog\/wp-content\/uploads\/2017\/04\/Fa\u00e7ade-avant-150x150.jpg\" alt=\"\" width=\"150\" height=\"150\" \/><\/a><figcaption id=\"caption-attachment-162\" class=\"wp-caption-text\">Photo montage de la maquette<\/figcaption><\/figure>\n<figure id=\"attachment_161\" aria-describedby=\"caption-attachment-161\" style=\"width: 150px\" class=\"wp-caption alignleft\"><a href=\"http:\/\/anaisinparis.com\/blog\/wp-content\/uploads\/2017\/04\/B\u00e2ti-Cour-1.jpg\"><img loading=\"lazy\" decoding=\"async\" class=\"wp-image-161 size-thumbnail\" title=\"Maquette\" src=\"http:\/\/anaisinparis.com\/blog\/wp-content\/uploads\/2017\/04\/B\u00e2ti-Cour-1-150x150.jpg\" alt=\"\" width=\"150\" height=\"150\" \/><\/a><figcaption id=\"caption-attachment-161\" class=\"wp-caption-text\">Photo montage de la maquette<\/figcaption><\/figure>\n","protected":false},"excerpt":{"rendered":"<p>Projet de fin d&rsquo;\u00e9tudes &#8211; \u00a0BTS Design d&rsquo;Espace &#8211; Juin 2013 Dans le cadre de&#8230;<\/p>\n<div class=\"more-link-wrapper\"><a class=\"more-link\" href=\"https:\/\/anaisinparis.com\/blog\/index.php\/architecture\/ecole-maternelle\/\">Read the post<span class=\"screen-reader-text\">ECOLE MATERNELLE<\/span><\/a><\/div>\n","protected":false},"author":1,"featured_media":161,"parent":78,"menu_order":0,"comment_status":"closed","ping_status":"closed","template":"","meta":{"iawp_total_views":2,"footnotes":""},"class_list":["post-164","page","type-page","status-publish","has-post-thumbnail","hentry","excerpt","full-without-featured","even","excerpt-0"],"_links":{"self":[{"href":"https:\/\/anaisinparis.com\/blog\/index.php\/wp-json\/wp\/v2\/pages\/164","targetHints":{"allow":["GET"]}}],"collection":[{"href":"https:\/\/anaisinparis.com\/blog\/index.php\/wp-json\/wp\/v2\/pages"}],"about":[{"href":"https:\/\/anaisinparis.com\/blog\/index.php\/wp-json\/wp\/v2\/types\/page"}],"author":[{"embeddable":true,"href":"https:\/\/anaisinparis.com\/blog\/index.php\/wp-json\/wp\/v2\/users\/1"}],"replies":[{"embeddable":true,"href":"https:\/\/anaisinparis.com\/blog\/index.php\/wp-json\/wp\/v2\/comments?post=164"}],"version-history":[{"count":5,"href":"https:\/\/anaisinparis.com\/blog\/index.php\/wp-json\/wp\/v2\/pages\/164\/revisions"}],"predecessor-version":[{"id":566,"href":"https:\/\/anaisinparis.com\/blog\/index.php\/wp-json\/wp\/v2\/pages\/164\/revisions\/566"}],"up":[{"embeddable":true,"href":"https:\/\/anaisinparis.com\/blog\/index.php\/wp-json\/wp\/v2\/pages\/78"}],"wp:featuredmedia":[{"embeddable":true,"href":"https:\/\/anaisinparis.com\/blog\/index.php\/wp-json\/wp\/v2\/media\/161"}],"wp:attachment":[{"href":"https:\/\/anaisinparis.com\/blog\/index.php\/wp-json\/wp\/v2\/media?parent=164"}],"curies":[{"name":"wp","href":"https:\/\/api.w.org\/{rel}","templated":true}]}}