{"id":177,"date":"2017-04-07T20:04:53","date_gmt":"2017-04-07T18:04:53","guid":{"rendered":"http:\/\/anaisinparis.com\/blog\/?page_id=177"},"modified":"2018-08-25T13:25:20","modified_gmt":"2018-08-25T11:25:20","slug":"ilot-tour","status":"publish","type":"page","link":"https:\/\/anaisinparis.com\/blog\/index.php\/architecture\/ilot-tour\/","title":{"rendered":"IL\u00d4T TOUR"},"content":{"rendered":"<p>Cette esquisse de projet a \u00e9t\u00e9 r\u00e9alis\u00e9e dans le cadre scolaire lors de ma premi\u00e8re ann\u00e9e de Licence en \u00e9cole d&rsquo;architecture de Paris La Villette &#8211;\u00a0Avril 2013.<\/p>\n<p>Pour la r\u00e9alisation de ce projet nous \u00e9tions un groupe de 3, sur la r\u00e9alisation et l&rsquo;imagination d&rsquo;un socle de b\u00e2ti de 4 niveaux, accueillant tout type d&rsquo;activit\u00e9s de notre choix, couvrant la totalit\u00e9 de l&rsquo;\u00eelot, le tout suivant une trame r\u00e9guli\u00e8re de 3m de poteaux poutres. L&rsquo;enjeux suivant \u00e9tait de r\u00e9aliser des tours de logements, de mani\u00e8re individuelle cette fois-ci, et qui prendrait alors place sur le socle dessin\u00e9. Ce projet s&rsquo;inscrit dans la m\u00eame id\u00e9e que celui de Rem Koolhaas pour la ZAC pr\u00e8s d&rsquo;Aubervilliers aux abords de la Gare de RER E Rosa Parks.<\/p>\n<p>Pour ce projet, j&rsquo;ai choisi de me soustraire \u00e0 la r\u00e9gularit\u00e9 qu&rsquo;impose la trame de poteaux et j&rsquo;ai cherch\u00e9 une agglom\u00e9ration de volumes superpos\u00e9s conduisant \u00e0 la formation de larges terrasses. La plus grande difficult\u00e9 a \u00e9t\u00e9 d&rsquo;imaginer le positionnement d&rsquo;une circulation commune dans cette tour, tout en la raccordant aux socles.<\/p>\n<figure id=\"attachment_172\" aria-describedby=\"caption-attachment-172\" style=\"width: 150px\" class=\"wp-caption alignleft\"><img loading=\"lazy\" decoding=\"async\" class=\"wp-image-172 size-thumbnail\" title=\"Premiers \u00e9tages\" src=\"http:\/\/anaisinparis.com\/blog\/wp-content\/uploads\/2017\/04\/Plan-EI-projet-5-L1-150x150.jpg\" alt=\"\" width=\"150\" height=\"150\" \/><figcaption id=\"caption-attachment-172\" class=\"wp-caption-text\">Premiers \u00e9tages<\/figcaption><\/figure>\n<figure id=\"attachment_173\" aria-describedby=\"caption-attachment-173\" style=\"width: 150px\" class=\"wp-caption alignleft\"><img loading=\"lazy\" decoding=\"async\" class=\"wp-image-173 size-thumbnail\" title=\"Etages interm\u00e9diaires\" src=\"http:\/\/anaisinparis.com\/blog\/wp-content\/uploads\/2017\/04\/Plan-EII-projet-5-L1-150x150.jpg\" alt=\"\" width=\"150\" height=\"150\" \/><figcaption id=\"caption-attachment-173\" class=\"wp-caption-text\">Etages interm\u00e9diaires<\/figcaption><\/figure>\n<figure id=\"attachment_174\" aria-describedby=\"caption-attachment-174\" style=\"width: 150px\" class=\"wp-caption alignleft\"><img loading=\"lazy\" decoding=\"async\" class=\"wp-image-174 size-thumbnail\" title=\"Derniers \u00e9tages\" src=\"http:\/\/anaisinparis.com\/blog\/wp-content\/uploads\/2017\/04\/Plan-ES-projet-5-L1-150x150.jpg\" alt=\"\" width=\"150\" height=\"150\" \/><figcaption id=\"caption-attachment-174\" class=\"wp-caption-text\">Derniers \u00e9tages<\/figcaption><\/figure>\n<figure id=\"attachment_130\" aria-describedby=\"caption-attachment-130\" style=\"width: 150px\" class=\"wp-caption alignleft\"><img loading=\"lazy\" decoding=\"async\" class=\"wp-image-130 size-thumbnail\" title=\"Maquette R+4\" src=\"http:\/\/anaisinparis.com\/blog\/wp-content\/uploads\/2017\/04\/L1S2_immeublelgt_ph09-150x150.jpg\" alt=\"\" width=\"150\" height=\"150\" \/><figcaption id=\"caption-attachment-130\" class=\"wp-caption-text\">Maquette R+4<\/figcaption><\/figure>\n<figure id=\"attachment_129\" aria-describedby=\"caption-attachment-129\" style=\"width: 150px\" class=\"wp-caption alignleft\"><img loading=\"lazy\" decoding=\"async\" class=\"wp-image-129 size-thumbnail\" title=\"Maquette R+5\" src=\"http:\/\/anaisinparis.com\/blog\/wp-content\/uploads\/2017\/04\/L1S2_immeublelgt_ph08-150x150.jpg\" alt=\"\" width=\"150\" height=\"150\" \/><figcaption id=\"caption-attachment-129\" class=\"wp-caption-text\">Maquette R+5<\/figcaption><\/figure>\n<figure id=\"attachment_128\" aria-describedby=\"caption-attachment-128\" style=\"width: 150px\" class=\"wp-caption alignleft\"><img loading=\"lazy\" decoding=\"async\" class=\"wp-image-128 size-thumbnail\" title=\"Maquette R+6\" src=\"http:\/\/anaisinparis.com\/blog\/wp-content\/uploads\/2017\/04\/L1S2_immeublelgt_ph07-150x150.jpg\" alt=\"\" width=\"150\" height=\"150\" \/><figcaption id=\"caption-attachment-128\" class=\"wp-caption-text\">Maquette R+6<\/figcaption><\/figure>\n<figure id=\"attachment_127\" aria-describedby=\"caption-attachment-127\" style=\"width: 150px\" class=\"wp-caption alignleft\"><img loading=\"lazy\" decoding=\"async\" class=\"wp-image-127 size-thumbnail\" title=\"Maquette R+7\" src=\"http:\/\/anaisinparis.com\/blog\/wp-content\/uploads\/2017\/04\/L1S2_immeublelgt_ph06-150x150.jpg\" alt=\"\" width=\"150\" height=\"150\" \/><figcaption id=\"caption-attachment-127\" class=\"wp-caption-text\">Maquette R+7<\/figcaption><\/figure>\n<figure id=\"attachment_126\" aria-describedby=\"caption-attachment-126\" style=\"width: 150px\" class=\"wp-caption alignleft\"><img loading=\"lazy\" decoding=\"async\" class=\"wp-image-126 size-thumbnail\" title=\"Maquette R+8\" src=\"http:\/\/anaisinparis.com\/blog\/wp-content\/uploads\/2017\/04\/L1S2_immeublelgt_ph05-150x150.jpg\" alt=\"\" width=\"150\" height=\"150\" \/><figcaption id=\"caption-attachment-126\" class=\"wp-caption-text\">Maquette R+8<\/figcaption><\/figure>\n<figure id=\"attachment_125\" aria-describedby=\"caption-attachment-125\" style=\"width: 150px\" class=\"wp-caption alignleft\"><img loading=\"lazy\" decoding=\"async\" class=\"wp-image-125 size-thumbnail\" title=\"Maquette R+9\" src=\"http:\/\/anaisinparis.com\/blog\/wp-content\/uploads\/2017\/04\/L1S2_immeublelgt_ph04-150x150.jpg\" alt=\"\" width=\"150\" height=\"150\" \/><figcaption id=\"caption-attachment-125\" class=\"wp-caption-text\">Maquette R+9<\/figcaption><\/figure>\n<figure id=\"attachment_124\" aria-describedby=\"caption-attachment-124\" style=\"width: 150px\" class=\"wp-caption alignleft\"><img loading=\"lazy\" decoding=\"async\" class=\"wp-image-124 size-thumbnail\" title=\"Maquette R+10\" src=\"http:\/\/anaisinparis.com\/blog\/wp-content\/uploads\/2017\/04\/L1S2_immeublelgt_ph03-150x150.jpg\" alt=\"\" width=\"150\" height=\"150\" \/><figcaption id=\"caption-attachment-124\" class=\"wp-caption-text\">Maquette R+10<\/figcaption><\/figure>\n<figure id=\"attachment_123\" aria-describedby=\"caption-attachment-123\" style=\"width: 150px\" class=\"wp-caption alignleft\"><img loading=\"lazy\" decoding=\"async\" class=\"wp-image-123 size-thumbnail\" title=\"Maquette R+11\" src=\"http:\/\/anaisinparis.com\/blog\/wp-content\/uploads\/2017\/04\/L1S2_immeublelgt_ph02-150x150.jpg\" alt=\"\" width=\"150\" height=\"150\" \/><figcaption id=\"caption-attachment-123\" class=\"wp-caption-text\">Maquette R+11<\/figcaption><\/figure>\n<figure id=\"attachment_122\" aria-describedby=\"caption-attachment-122\" style=\"width: 150px\" class=\"wp-caption alignleft\"><img loading=\"lazy\" decoding=\"async\" class=\"wp-image-122 size-thumbnail\" title=\"Maquette toiture\" src=\"http:\/\/anaisinparis.com\/blog\/wp-content\/uploads\/2017\/04\/L1S2_immeublelgt_ph01-150x150.jpg\" alt=\"\" width=\"150\" height=\"150\" \/><figcaption id=\"caption-attachment-122\" class=\"wp-caption-text\">Maquette toiture<\/figcaption><\/figure>\n<figure id=\"attachment_175\" aria-describedby=\"caption-attachment-175\" style=\"width: 150px\" class=\"wp-caption alignleft\"><img loading=\"lazy\" decoding=\"async\" class=\"wp-image-175 size-thumbnail\" title=\"Tour sur l'\u00eelot construit\" src=\"http:\/\/anaisinparis.com\/blog\/wp-content\/uploads\/2017\/04\/P5200929-150x150.jpg\" alt=\"\" width=\"150\" height=\"150\" \/><figcaption id=\"caption-attachment-175\" class=\"wp-caption-text\">Maquette de la tour sur l&rsquo;\u00eelot construit<\/figcaption><\/figure>\n","protected":false},"excerpt":{"rendered":"<p>Cette esquisse de projet a \u00e9t\u00e9 r\u00e9alis\u00e9e dans le cadre scolaire lors de ma premi\u00e8re&#8230;<\/p>\n<div class=\"more-link-wrapper\"><a class=\"more-link\" href=\"https:\/\/anaisinparis.com\/blog\/index.php\/architecture\/ilot-tour\/\">Read the post<span class=\"screen-reader-text\">IL\u00d4T TOUR<\/span><\/a><\/div>\n","protected":false},"author":1,"featured_media":175,"parent":78,"menu_order":0,"comment_status":"closed","ping_status":"closed","template":"","meta":{"iawp_total_views":0,"footnotes":""},"class_list":["post-177","page","type-page","status-publish","has-post-thumbnail","hentry","excerpt","full-without-featured","even","excerpt-0"],"_links":{"self":[{"href":"https:\/\/anaisinparis.com\/blog\/index.php\/wp-json\/wp\/v2\/pages\/177","targetHints":{"allow":["GET"]}}],"collection":[{"href":"https:\/\/anaisinparis.com\/blog\/index.php\/wp-json\/wp\/v2\/pages"}],"about":[{"href":"https:\/\/anaisinparis.com\/blog\/index.php\/wp-json\/wp\/v2\/types\/page"}],"author":[{"embeddable":true,"href":"https:\/\/anaisinparis.com\/blog\/index.php\/wp-json\/wp\/v2\/users\/1"}],"replies":[{"embeddable":true,"href":"https:\/\/anaisinparis.com\/blog\/index.php\/wp-json\/wp\/v2\/comments?post=177"}],"version-history":[{"count":7,"href":"https:\/\/anaisinparis.com\/blog\/index.php\/wp-json\/wp\/v2\/pages\/177\/revisions"}],"predecessor-version":[{"id":554,"href":"https:\/\/anaisinparis.com\/blog\/index.php\/wp-json\/wp\/v2\/pages\/177\/revisions\/554"}],"up":[{"embeddable":true,"href":"https:\/\/anaisinparis.com\/blog\/index.php\/wp-json\/wp\/v2\/pages\/78"}],"wp:featuredmedia":[{"embeddable":true,"href":"https:\/\/anaisinparis.com\/blog\/index.php\/wp-json\/wp\/v2\/media\/175"}],"wp:attachment":[{"href":"https:\/\/anaisinparis.com\/blog\/index.php\/wp-json\/wp\/v2\/media?parent=177"}],"curies":[{"name":"wp","href":"https:\/\/api.w.org\/{rel}","templated":true}]}}