{"id":192,"date":"2017-04-08T11:38:26","date_gmt":"2017-04-08T09:38:26","guid":{"rendered":"http:\/\/anaisinparis.com\/blog\/?page_id=192"},"modified":"2018-08-25T14:33:44","modified_gmt":"2018-08-25T12:33:44","slug":"costume-darchitecte","status":"publish","type":"page","link":"https:\/\/anaisinparis.com\/blog\/index.php\/arts-plastiques\/costume-darchitecte\/","title":{"rendered":"COSTUME D&rsquo;ARCHITECTURE"},"content":{"rendered":"<p>Cr\u00e9ation et mise en sc\u00e8ne d&rsquo;un costume r\u00e9alis\u00e9 \u00e0 partir de l&rsquo;image d&rsquo;un b\u00e2timent : Op\u00e9ra House of Sydney &#8211; Juin 2011<\/p>\n<p>Dans le cadre des concours d&rsquo;entr\u00e9e en \u00e9cole d&rsquo;architecture, j&rsquo;ai particip\u00e9 au concours de l&rsquo;Ecole de Paris Malaquais, dont le sujet \u00e9tait de confectionner un costume en lien avec une architecture dans le cadre d&rsquo;une soir\u00e9e d&rsquo;architectes avec remise d&rsquo;un prix. La mise en sc\u00e8ne de ce costume \u00e9tait primordiale et sa r\u00e9alisation devait s&rsquo;\u00e9taler sur 5 jours, ainsi que la mise en page et la mise en sc\u00e8ne du costume.<\/p>\n<p>Ainsi j&rsquo;ai choisi mon architecture pr\u00e9f\u00e9r\u00e9e et celle qui m&rsquo;a donn\u00e9e envie de faire de l&rsquo;architecture : l&rsquo;Op\u00e9ra de Sydney. J&rsquo;y suis sensible dans son rapport \u00e0 l&rsquo;eau, aux reflets et \u00e0 la lumi\u00e8re que le b\u00e2timent implique. Je suis \u00e9galement touch\u00e9e par sa forme et son aspect, et l&rsquo;histoire de sa construction est, pour moi, un exploit.<\/p>\n<p>Pour la r\u00e9alisation de mon costume, j&rsquo;ai utilis\u00e9 du c\u00e2ble de cuivre, c\u00e2ble \u00e9lectrique que j&rsquo;ai compl\u00e8tement d\u00e9nud\u00e9 de sa gaine plastique, pour ensuite le tordre et le former en coques reprenant l&rsquo;esprit de celles de l&rsquo;Op\u00e9ra. Afin de masquer mon visage, j&rsquo;ai form\u00e9 une double coque qui est venue couvrir mon visage. Ensuite, je les ai recouvertes de bandes de\u00a0tissu, dont je me suis enroul\u00e9e tout autour de moi. Afin de les maintenir, un plateau de la forme de la grande salle de concert a \u00e9t\u00e9 plac\u00e9 autour de ma taille. La mise en sc\u00e8ne a \u00e9t\u00e9 r\u00e9alis\u00e9e gr\u00e2ce \u00e0 du papier miroitant scintillant et reproduisant un jeu de lumi\u00e8re et d&rsquo;ondulation que j&rsquo;avais imagin\u00e9 autour de ce b\u00e2timent embl\u00e9matique.<\/p>\n<figure id=\"attachment_187\" aria-describedby=\"caption-attachment-187\" style=\"width: 150px\" class=\"wp-caption alignleft\"><a href=\"http:\/\/anaisinparis.com\/blog\/wp-content\/uploads\/2017\/04\/Page-1-corrig\u00e9.jpg\"><img loading=\"lazy\" decoding=\"async\" class=\"wp-image-187 size-thumbnail\" title=\"Pr\u00e9sentation - P1\" src=\"http:\/\/anaisinparis.com\/blog\/wp-content\/uploads\/2017\/04\/Page-1-corrig\u00e9-150x150.jpg\" alt=\"\" width=\"150\" height=\"150\" \/><\/a><figcaption id=\"caption-attachment-187\" class=\"wp-caption-text\">Pr\u00e9sentation &#8211; P1<\/figcaption><\/figure>\n<figure id=\"attachment_188\" aria-describedby=\"caption-attachment-188\" style=\"width: 150px\" class=\"wp-caption alignleft\"><a href=\"http:\/\/anaisinparis.com\/blog\/wp-content\/uploads\/2017\/04\/Page-2-corrig\u00e9.jpg\"><img loading=\"lazy\" decoding=\"async\" class=\"wp-image-188 size-thumbnail\" title=\"Pr\u00e9sentation - P2\" src=\"http:\/\/anaisinparis.com\/blog\/wp-content\/uploads\/2017\/04\/Page-2-corrig\u00e9-150x150.jpg\" alt=\"\" width=\"150\" height=\"150\" \/><\/a><figcaption id=\"caption-attachment-188\" class=\"wp-caption-text\">Pr\u00e9sentation &#8211; P2<\/figcaption><\/figure>\n<figure id=\"attachment_189\" aria-describedby=\"caption-attachment-189\" style=\"width: 150px\" class=\"wp-caption alignleft\"><a href=\"http:\/\/anaisinparis.com\/blog\/wp-content\/uploads\/2017\/04\/Page-3.jpg\"><img loading=\"lazy\" decoding=\"async\" class=\"wp-image-189 size-thumbnail\" title=\"Pr\u00e9sentation - P3\" src=\"http:\/\/anaisinparis.com\/blog\/wp-content\/uploads\/2017\/04\/Page-3-150x150.jpg\" alt=\"\" width=\"150\" height=\"150\" \/><\/a><figcaption id=\"caption-attachment-189\" class=\"wp-caption-text\">Pr\u00e9sentation &#8211; P3<\/figcaption><\/figure>\n<figure id=\"attachment_190\" aria-describedby=\"caption-attachment-190\" style=\"width: 150px\" class=\"wp-caption alignleft\"><a href=\"http:\/\/anaisinparis.com\/blog\/wp-content\/uploads\/2017\/04\/Page-4.jpg\"><img loading=\"lazy\" decoding=\"async\" class=\"wp-image-190 size-thumbnail\" title=\"Pr\u00e9sentation - P4\" src=\"http:\/\/anaisinparis.com\/blog\/wp-content\/uploads\/2017\/04\/Page-4-150x150.jpg\" alt=\"\" width=\"150\" height=\"150\" \/><\/a><figcaption id=\"caption-attachment-190\" class=\"wp-caption-text\">Pr\u00e9sentation &#8211; P4<\/figcaption><\/figure>\n<figure id=\"attachment_183\" aria-describedby=\"caption-attachment-183\" style=\"width: 150px\" class=\"wp-caption alignleft\"><a href=\"http:\/\/anaisinparis.com\/blog\/wp-content\/uploads\/2017\/04\/DSC_0124.jpg\"><img loading=\"lazy\" decoding=\"async\" class=\"wp-image-183 size-thumbnail\" title=\"Mise en mouvement\" src=\"http:\/\/anaisinparis.com\/blog\/wp-content\/uploads\/2017\/04\/DSC_0124-150x150.jpg\" alt=\"\" width=\"150\" height=\"150\" \/><\/a><figcaption id=\"caption-attachment-183\" class=\"wp-caption-text\">Mise en mouvement<\/figcaption><\/figure>\n<figure id=\"attachment_184\" aria-describedby=\"caption-attachment-184\" style=\"width: 150px\" class=\"wp-caption alignleft\"><a href=\"http:\/\/anaisinparis.com\/blog\/wp-content\/uploads\/2017\/04\/DSC_0030.jpg\"><img loading=\"lazy\" decoding=\"async\" class=\"wp-image-184 size-thumbnail\" title=\"Mise en mouvement\" src=\"http:\/\/anaisinparis.com\/blog\/wp-content\/uploads\/2017\/04\/DSC_0030-150x150.jpg\" alt=\"\" width=\"150\" height=\"150\" \/><\/a><figcaption id=\"caption-attachment-184\" class=\"wp-caption-text\">Mise en mouvement<\/figcaption><\/figure>\n<figure id=\"attachment_185\" aria-describedby=\"caption-attachment-185\" style=\"width: 150px\" class=\"wp-caption alignleft\"><a href=\"http:\/\/anaisinparis.com\/blog\/wp-content\/uploads\/2017\/04\/DSC_0059.jpg\"><img loading=\"lazy\" decoding=\"async\" class=\"wp-image-185 size-thumbnail\" title=\"Posture\" src=\"http:\/\/anaisinparis.com\/blog\/wp-content\/uploads\/2017\/04\/DSC_0059-150x150.jpg\" alt=\"\" width=\"150\" height=\"150\" \/><\/a><figcaption id=\"caption-attachment-185\" class=\"wp-caption-text\">Posture<\/figcaption><\/figure>\n<figure id=\"attachment_186\" aria-describedby=\"caption-attachment-186\" style=\"width: 150px\" class=\"wp-caption alignleft\"><a href=\"http:\/\/anaisinparis.com\/blog\/wp-content\/uploads\/2017\/04\/DSC_0101.jpg\"><img loading=\"lazy\" decoding=\"async\" class=\"wp-image-186 size-thumbnail\" title=\"Dos\" src=\"http:\/\/anaisinparis.com\/blog\/wp-content\/uploads\/2017\/04\/DSC_0101-150x150.jpg\" alt=\"\" width=\"150\" height=\"150\" \/><\/a><figcaption id=\"caption-attachment-186\" class=\"wp-caption-text\">Dos<\/figcaption><\/figure>\n","protected":false},"excerpt":{"rendered":"<p>Cr\u00e9ation et mise en sc\u00e8ne d&rsquo;un costume r\u00e9alis\u00e9 \u00e0 partir de l&rsquo;image d&rsquo;un b\u00e2timent :&#8230;<\/p>\n<div class=\"more-link-wrapper\"><a class=\"more-link\" href=\"https:\/\/anaisinparis.com\/blog\/index.php\/arts-plastiques\/costume-darchitecte\/\">Read the post<span class=\"screen-reader-text\">COSTUME D&rsquo;ARCHITECTURE<\/span><\/a><\/div>\n","protected":false},"author":1,"featured_media":189,"parent":83,"menu_order":0,"comment_status":"closed","ping_status":"closed","template":"","meta":{"iawp_total_views":7,"footnotes":""},"class_list":["post-192","page","type-page","status-publish","has-post-thumbnail","hentry","excerpt","full-without-featured","even","excerpt-0"],"_links":{"self":[{"href":"https:\/\/anaisinparis.com\/blog\/index.php\/wp-json\/wp\/v2\/pages\/192","targetHints":{"allow":["GET"]}}],"collection":[{"href":"https:\/\/anaisinparis.com\/blog\/index.php\/wp-json\/wp\/v2\/pages"}],"about":[{"href":"https:\/\/anaisinparis.com\/blog\/index.php\/wp-json\/wp\/v2\/types\/page"}],"author":[{"embeddable":true,"href":"https:\/\/anaisinparis.com\/blog\/index.php\/wp-json\/wp\/v2\/users\/1"}],"replies":[{"embeddable":true,"href":"https:\/\/anaisinparis.com\/blog\/index.php\/wp-json\/wp\/v2\/comments?post=192"}],"version-history":[{"count":9,"href":"https:\/\/anaisinparis.com\/blog\/index.php\/wp-json\/wp\/v2\/pages\/192\/revisions"}],"predecessor-version":[{"id":563,"href":"https:\/\/anaisinparis.com\/blog\/index.php\/wp-json\/wp\/v2\/pages\/192\/revisions\/563"}],"up":[{"embeddable":true,"href":"https:\/\/anaisinparis.com\/blog\/index.php\/wp-json\/wp\/v2\/pages\/83"}],"wp:featuredmedia":[{"embeddable":true,"href":"https:\/\/anaisinparis.com\/blog\/index.php\/wp-json\/wp\/v2\/media\/189"}],"wp:attachment":[{"href":"https:\/\/anaisinparis.com\/blog\/index.php\/wp-json\/wp\/v2\/media?parent=192"}],"curies":[{"name":"wp","href":"https:\/\/api.w.org\/{rel}","templated":true}]}}