{"id":289,"date":"2017-04-08T19:15:29","date_gmt":"2017-04-08T17:15:29","guid":{"rendered":"http:\/\/anaisinparis.com\/blog\/?page_id=289"},"modified":"2018-08-25T15:42:55","modified_gmt":"2018-08-25T13:42:55","slug":"creche-de-jacquemont","status":"publish","type":"page","link":"https:\/\/anaisinparis.com\/blog\/index.php\/realisation-architecturale\/rehabilitation-salles-de-pauses\/creche-de-jacquemont\/","title":{"rendered":"CRECHE DE JACQUEMONT"},"content":{"rendered":"<p>R\u00e9am\u00e9nagement de la salle de pause du personnel de la cr\u00e8che de Jacquemont sous la direction de l&rsquo;association La Maison Kangourou &#8211; \u00e9t\u00e9 2016.<\/p>\n<p>Il s&rsquo;agissait de revoir l&rsquo;am\u00e9nagement de la salle de pause du personnel, qui faisait environ 15m\u00b2, et qui \u00e9tait attenante \u00e0 un bureau de 10m\u00b2 inutilis\u00e9 car encombr\u00e9 par une large table et des meubles imposants, rendant l&rsquo;espace \u00e9triqu\u00e9. Mon choix a \u00e9t\u00e9 de r\u00e9unir ces 2 espaces pour n&rsquo;en former plus qu&rsquo;un. Ainsi l&rsquo;espace se compose d&rsquo;un coin cuisine optimis\u00e9 et fonctionnel \u00e0 l&rsquo;entr\u00e9e de la pi\u00e8ce. Le personnel de la cr\u00e8che \u00e9tant nombreux, une table sur mesure de grande dimension a \u00e9t\u00e9 r\u00e9alis\u00e9e. Les meubles de l&rsquo;ancien bureau on alors \u00e9t\u00e9 r\u00e9utilis\u00e9 afin de former une s\u00e9paration entre le coin repas et le coin repos. Ce dernier est compos\u00e9 d&rsquo;une banquette en U permettant \u00e0 la fois la d\u00e9tente et les r\u00e9unions, mais \u00e9galement le rangement par des coffres pr\u00e9vus sous les assises.<\/p>\n<figure id=\"attachment_281\" aria-describedby=\"caption-attachment-281\" style=\"width: 150px\" class=\"wp-caption alignleft\"><a href=\"http:\/\/anaisinparis.com\/blog\/wp-content\/uploads\/2017\/04\/Cr\u00e8che-Jacquemont-am\u00e9nagement-global.jpg\"><img loading=\"lazy\" decoding=\"async\" class=\"wp-image-281 size-thumbnail\" title=\"Plan d'am\u00e9nagement\" src=\"http:\/\/anaisinparis.com\/blog\/wp-content\/uploads\/2017\/04\/Cr\u00e8che-Jacquemont-am\u00e9nagement-global-150x150.jpg\" alt=\"\" width=\"150\" height=\"150\" \/><\/a><figcaption id=\"caption-attachment-281\" class=\"wp-caption-text\">Plan d&rsquo;am\u00e9nagement<\/figcaption><\/figure>\n<figure id=\"attachment_286\" aria-describedby=\"caption-attachment-286\" style=\"width: 150px\" class=\"wp-caption alignleft\"><a href=\"http:\/\/anaisinparis.com\/blog\/wp-content\/uploads\/2017\/04\/Cr\u00e8che-Jacquemont-plan-cuisine.jpg\"><img loading=\"lazy\" decoding=\"async\" class=\"wp-image-286 size-thumbnail\" title=\"Plan de rep\u00e9rage de la cuisine\" src=\"http:\/\/anaisinparis.com\/blog\/wp-content\/uploads\/2017\/04\/Cr\u00e8che-Jacquemont-plan-cuisine-150x150.jpg\" alt=\"\" width=\"150\" height=\"150\" \/><\/a><figcaption id=\"caption-attachment-286\" class=\"wp-caption-text\">Plan de rep\u00e9rage de la cuisine<\/figcaption><\/figure>\n<figure id=\"attachment_283\" aria-describedby=\"caption-attachment-283\" style=\"width: 150px\" class=\"wp-caption alignleft\"><a href=\"http:\/\/anaisinparis.com\/blog\/wp-content\/uploads\/2017\/04\/Cr\u00e8che-Jacquemont-\u00e9l\u00e9vation-cuisine.jpg\"><img loading=\"lazy\" decoding=\"async\" class=\"wp-image-283 size-thumbnail\" title=\"Rep\u00e9rage des \u00e9l\u00e9ments de la cuisine\" src=\"http:\/\/anaisinparis.com\/blog\/wp-content\/uploads\/2017\/04\/Cr\u00e8che-Jacquemont-\u00e9l\u00e9vation-cuisine-150x150.jpg\" alt=\"\" width=\"150\" height=\"150\" \/><\/a><figcaption id=\"caption-attachment-283\" class=\"wp-caption-text\">Rep\u00e9rage des \u00e9l\u00e9ments constitutif de la cuisine<\/figcaption><\/figure>\n<figure id=\"attachment_284\" aria-describedby=\"caption-attachment-284\" style=\"width: 150px\" class=\"wp-caption alignleft\"><a href=\"http:\/\/anaisinparis.com\/blog\/wp-content\/uploads\/2017\/04\/Cr\u00e8che-Jacquemont-plan-banquette.jpg\"><img loading=\"lazy\" decoding=\"async\" class=\"wp-image-284 size-thumbnail\" title=\"Plan de la banquette sur mesure\" src=\"http:\/\/anaisinparis.com\/blog\/wp-content\/uploads\/2017\/04\/Cr\u00e8che-Jacquemont-plan-banquette-150x150.jpg\" alt=\"\" width=\"150\" height=\"150\" \/><\/a><figcaption id=\"caption-attachment-284\" class=\"wp-caption-text\">Plan de la banquette sur mesure<\/figcaption><\/figure>\n<figure id=\"attachment_282\" aria-describedby=\"caption-attachment-282\" style=\"width: 150px\" class=\"wp-caption alignleft\"><a href=\"http:\/\/anaisinparis.com\/blog\/wp-content\/uploads\/2017\/04\/Cr\u00e8che-Jacquemont-coupes-banquette.jpg\"><img loading=\"lazy\" decoding=\"async\" class=\"wp-image-282 size-thumbnail\" title=\"Coupe sur le banquette\" src=\"http:\/\/anaisinparis.com\/blog\/wp-content\/uploads\/2017\/04\/Cr\u00e8che-Jacquemont-coupes-banquette-150x150.jpg\" alt=\"\" width=\"150\" height=\"150\" \/><\/a><figcaption id=\"caption-attachment-282\" class=\"wp-caption-text\">Coupe sur le banquette sur mesure<\/figcaption><\/figure>\n<figure id=\"attachment_285\" aria-describedby=\"caption-attachment-285\" style=\"width: 150px\" class=\"wp-caption alignleft\"><a href=\"http:\/\/anaisinparis.com\/blog\/wp-content\/uploads\/2017\/04\/Cr\u00e8che-Jacquemont-plan-coussins.jpg\"><img loading=\"lazy\" decoding=\"async\" class=\"wp-image-285 size-thumbnail\" title=\"Les coussins\" src=\"http:\/\/anaisinparis.com\/blog\/wp-content\/uploads\/2017\/04\/Cr\u00e8che-Jacquemont-plan-coussins-150x150.jpg\" alt=\"\" width=\"150\" height=\"150\" \/><\/a><figcaption id=\"caption-attachment-285\" class=\"wp-caption-text\">Plan de rep\u00e9rage des coussins sur mesures<\/figcaption><\/figure>\n<figure id=\"attachment_249\" aria-describedby=\"caption-attachment-249\" style=\"width: 150px\" class=\"wp-caption alignleft\"><a href=\"http:\/\/anaisinparis.com\/blog\/wp-content\/uploads\/2017\/04\/20160818_173249-e1491668580834.jpg\"><img loading=\"lazy\" decoding=\"async\" class=\"wp-image-249 size-thumbnail\" title=\"Espace repos\" src=\"http:\/\/anaisinparis.com\/blog\/wp-content\/uploads\/2017\/04\/20160818_173249-e1491668580834-150x150.jpg\" alt=\"\" width=\"150\" height=\"150\" \/><\/a><figcaption id=\"caption-attachment-249\" class=\"wp-caption-text\">Photo de l&rsquo;espace repos<\/figcaption><\/figure>\n<p>&nbsp;<\/p>\n<figure id=\"attachment_242\" aria-describedby=\"caption-attachment-242\" style=\"width: 150px\" class=\"wp-caption alignleft\"><a href=\"http:\/\/anaisinparis.com\/blog\/wp-content\/uploads\/2017\/04\/20160815_135835.jpg\"><img loading=\"lazy\" decoding=\"async\" class=\"wp-image-242 size-thumbnail\" title=\"La salle de pause\" src=\"http:\/\/anaisinparis.com\/blog\/wp-content\/uploads\/2017\/04\/20160815_135835-150x150.jpg\" alt=\"\" width=\"150\" height=\"150\" \/><\/a><figcaption id=\"caption-attachment-242\" class=\"wp-caption-text\">Photo de la salle de pause<\/figcaption><\/figure>\n<figure id=\"attachment_244\" aria-describedby=\"caption-attachment-244\" style=\"width: 150px\" class=\"wp-caption alignleft\"><a href=\"http:\/\/anaisinparis.com\/blog\/wp-content\/uploads\/2017\/04\/20160815_140220-e1491668618694.jpg\"><img loading=\"lazy\" decoding=\"async\" class=\"wp-image-244 size-thumbnail\" title=\"Le coin repas\" src=\"http:\/\/anaisinparis.com\/blog\/wp-content\/uploads\/2017\/04\/20160815_140220-e1491668618694-150x150.jpg\" alt=\"\" width=\"150\" height=\"150\" \/><\/a><figcaption id=\"caption-attachment-244\" class=\"wp-caption-text\">Le coin repas<\/figcaption><\/figure>\n<figure id=\"attachment_245\" aria-describedby=\"caption-attachment-245\" style=\"width: 150px\" class=\"wp-caption alignleft\"><a href=\"http:\/\/anaisinparis.com\/blog\/wp-content\/uploads\/2017\/04\/20160815_140246.jpg\"><img loading=\"lazy\" decoding=\"async\" class=\"wp-image-245 size-thumbnail\" title=\"Le coin cuisine\" src=\"http:\/\/anaisinparis.com\/blog\/wp-content\/uploads\/2017\/04\/20160815_140246-150x150.jpg\" alt=\"\" width=\"150\" height=\"150\" \/><\/a><figcaption id=\"caption-attachment-245\" class=\"wp-caption-text\">Le coin cuisine avec les plastiques de protection<\/figcaption><\/figure>\n<p>&nbsp;<\/p>\n<p>&nbsp;<\/p>\n<p>&nbsp;<\/p>\n<p>&nbsp;<\/p>\n<p>&nbsp;<\/p>\n<p>&nbsp;<\/p>\n<p>&nbsp;<\/p>\n<p>&nbsp;<\/p>\n<p>&nbsp;<\/p>\n<p>&nbsp;<\/p>\n<p>&nbsp;<\/p>\n<p>&nbsp;<\/p>\n<p>&nbsp;<\/p>\n<p>&nbsp;<\/p>\n<p>Lors de la r\u00e9alisation de ce projet, j&rsquo;ai eu affaire \u00e0 diff\u00e9rents corps de m\u00e9tier. L&rsquo;\u00e9lectricien avec lequel j&rsquo;ai choisi de remplacer les \u00e9clairage existant \u00e0 tente jaune par des DownLight effet lumi\u00e8re du jour qui permette un meilleur confort visuel et rende la pi\u00e8ce plus conviviale. J&rsquo;ai \u00e9galement imagin\u00e9 le positionnement d&rsquo;un ruban Led \u00e0 l&rsquo;arri\u00e8re des dossiers de la banquette. Le plaquiste avec lequel j&rsquo;ai trait\u00e9 pour d\u00e9poser les anciennes cloisons. Le plombier, afin de pouvoir tirer tous les r\u00e9seaux d&rsquo;arriv\u00e9e et d&rsquo;\u00e9vacuation de l&rsquo;eau de la cuisine. Le menuisier, qui m&rsquo;a aid\u00e9 et apport\u00e9 des conseils dans la r\u00e9alisation du meuble banquette. J&rsquo;ai \u00e9galement g\u00e9r\u00e9 l&rsquo;int\u00e9gralit\u00e9 des achats et des choix de mobiliers, tels que le banc, les tables basses, mais \u00e9galement tous les petits \u00e9l\u00e9ments qui contribuent \u00e0 rendre ce lieu convivial et agr\u00e9able, par un miroir, des sets de tables, la composition de bouquets en fausses fleurs, des vases, de tasses \u00e0 caf\u00e9, d&rsquo;un plateau, &#8230;<\/p>\n<p>La conception et la r\u00e9alisation de ce projet c&rsquo;est \u00e9tal\u00e9 de d\u00e9but Juillet 2016 \u00e0 fin Ao\u00fbt 2016.<\/p>\n","protected":false},"excerpt":{"rendered":"<p>R\u00e9am\u00e9nagement de la salle de pause du personnel de la cr\u00e8che de Jacquemont sous la&#8230;<\/p>\n<div class=\"more-link-wrapper\"><a class=\"more-link\" href=\"https:\/\/anaisinparis.com\/blog\/index.php\/realisation-architecturale\/rehabilitation-salles-de-pauses\/creche-de-jacquemont\/\">Read the post<span class=\"screen-reader-text\">CRECHE DE JACQUEMONT<\/span><\/a><\/div>\n","protected":false},"author":1,"featured_media":242,"parent":528,"menu_order":0,"comment_status":"closed","ping_status":"closed","template":"","meta":{"iawp_total_views":4,"footnotes":""},"class_list":["post-289","page","type-page","status-publish","has-post-thumbnail","hentry","excerpt","full-without-featured","even","excerpt-0"],"_links":{"self":[{"href":"https:\/\/anaisinparis.com\/blog\/index.php\/wp-json\/wp\/v2\/pages\/289","targetHints":{"allow":["GET"]}}],"collection":[{"href":"https:\/\/anaisinparis.com\/blog\/index.php\/wp-json\/wp\/v2\/pages"}],"about":[{"href":"https:\/\/anaisinparis.com\/blog\/index.php\/wp-json\/wp\/v2\/types\/page"}],"author":[{"embeddable":true,"href":"https:\/\/anaisinparis.com\/blog\/index.php\/wp-json\/wp\/v2\/users\/1"}],"replies":[{"embeddable":true,"href":"https:\/\/anaisinparis.com\/blog\/index.php\/wp-json\/wp\/v2\/comments?post=289"}],"version-history":[{"count":11,"href":"https:\/\/anaisinparis.com\/blog\/index.php\/wp-json\/wp\/v2\/pages\/289\/revisions"}],"predecessor-version":[{"id":606,"href":"https:\/\/anaisinparis.com\/blog\/index.php\/wp-json\/wp\/v2\/pages\/289\/revisions\/606"}],"up":[{"embeddable":true,"href":"https:\/\/anaisinparis.com\/blog\/index.php\/wp-json\/wp\/v2\/pages\/528"}],"wp:featuredmedia":[{"embeddable":true,"href":"https:\/\/anaisinparis.com\/blog\/index.php\/wp-json\/wp\/v2\/media\/242"}],"wp:attachment":[{"href":"https:\/\/anaisinparis.com\/blog\/index.php\/wp-json\/wp\/v2\/media?parent=289"}],"curies":[{"name":"wp","href":"https:\/\/api.w.org\/{rel}","templated":true}]}}