{"id":306,"date":"2017-04-08T19:39:23","date_gmt":"2017-04-08T17:39:23","guid":{"rendered":"http:\/\/anaisinparis.com\/blog\/?page_id=306"},"modified":"2018-08-25T15:34:31","modified_gmt":"2018-08-25T13:34:31","slug":"creche-de-peuplier","status":"publish","type":"page","link":"https:\/\/anaisinparis.com\/blog\/index.php\/realisation-architecturale\/creche-de-peuplier\/","title":{"rendered":"CRECHE DE PEUPLIER"},"content":{"rendered":"<p>Projet d&rsquo;am\u00e9nagement d&rsquo;une cr\u00e8che, suivi de chantier et cr\u00e9ation de la mise en lumi\u00e8re &#8211; exp\u00e9rience professionnelle au sein de l&rsquo;Association de La Maison Kangourou &#8211; Mars 2017 (livraison)<\/p>\n<p>Au cours de la construction de cr\u00e8che de Peuplier, j&rsquo;ai eu la chance de r\u00e9cup\u00e9rer la partie de la conception et du choix des luminaires ainsi que de leur implantation en accord avec le commanditaire, l&rsquo;association La Maison Kangourou.<\/p>\n<p>La contrainte sur le chantier, d\u00fb \u00e0 une faible hauteur sous plafond disponible, \u00e9tait d&rsquo;avoir les chemins de c\u00e2ble en apparent et les luminaires accroch\u00e9s dessus ou en bout de chemin de c\u00e2ble. Mon parti a alors \u00e9t\u00e9 d&rsquo;en faire un \u00e9l\u00e9ment de d\u00e9coration et de signal\u00e9tique.<\/p>\n<div id='gallery-1' class='gallery galleryid-306 gallery-columns-2 gallery-size-medium'><figure class='gallery-item'>\n\t\t\t<div class='gallery-icon portrait'>\n\t\t\t\t<a href='https:\/\/anaisinparis.com\/blog\/wp-content\/uploads\/2017\/04\/PEUPLIER-Chemin-de-Cable-espace-moyens.jpg'><img loading=\"lazy\" decoding=\"async\" width=\"212\" height=\"300\" src=\"https:\/\/anaisinparis.com\/blog\/wp-content\/uploads\/2017\/04\/PEUPLIER-Chemin-de-Cable-espace-moyens-212x300.jpg\" class=\"attachment-medium size-medium\" alt=\"\" aria-describedby=\"gallery-1-305\" srcset=\"https:\/\/anaisinparis.com\/blog\/wp-content\/uploads\/2017\/04\/PEUPLIER-Chemin-de-Cable-espace-moyens-212x300.jpg 212w, https:\/\/anaisinparis.com\/blog\/wp-content\/uploads\/2017\/04\/PEUPLIER-Chemin-de-Cable-espace-moyens-768x1086.jpg 768w, https:\/\/anaisinparis.com\/blog\/wp-content\/uploads\/2017\/04\/PEUPLIER-Chemin-de-Cable-espace-moyens-700x990.jpg 700w, https:\/\/anaisinparis.com\/blog\/wp-content\/uploads\/2017\/04\/PEUPLIER-Chemin-de-Cable-espace-moyens.jpg 1754w\" sizes=\"auto, (max-width: 212px) 100vw, 212px\" \/><\/a>\n\t\t\t<\/div>\n\t\t\t\t<figcaption class='wp-caption-text gallery-caption' id='gallery-1-305'>\n\t\t\t\tPlan de rep\u00e9rage des chemins de c\u00e2bles : Espace Vert\n\t\t\t\t<\/figcaption><\/figure><figure class='gallery-item'>\n\t\t\t<div class='gallery-icon portrait'>\n\t\t\t\t<a href='https:\/\/anaisinparis.com\/blog\/wp-content\/uploads\/2017\/04\/PEUPLIER-Chemin-de-Cable-espace-grands-ROSE.jpg'><img loading=\"lazy\" decoding=\"async\" width=\"212\" height=\"300\" src=\"https:\/\/anaisinparis.com\/blog\/wp-content\/uploads\/2017\/04\/PEUPLIER-Chemin-de-Cable-espace-grands-ROSE-212x300.jpg\" class=\"attachment-medium size-medium\" alt=\"\" aria-describedby=\"gallery-1-304\" srcset=\"https:\/\/anaisinparis.com\/blog\/wp-content\/uploads\/2017\/04\/PEUPLIER-Chemin-de-Cable-espace-grands-ROSE-212x300.jpg 212w, https:\/\/anaisinparis.com\/blog\/wp-content\/uploads\/2017\/04\/PEUPLIER-Chemin-de-Cable-espace-grands-ROSE-768x1086.jpg 768w, https:\/\/anaisinparis.com\/blog\/wp-content\/uploads\/2017\/04\/PEUPLIER-Chemin-de-Cable-espace-grands-ROSE-700x990.jpg 700w, https:\/\/anaisinparis.com\/blog\/wp-content\/uploads\/2017\/04\/PEUPLIER-Chemin-de-Cable-espace-grands-ROSE.jpg 1754w\" sizes=\"auto, (max-width: 212px) 100vw, 212px\" \/><\/a>\n\t\t\t<\/div>\n\t\t\t\t<figcaption class='wp-caption-text gallery-caption' id='gallery-1-304'>\n\t\t\t\tPlan de rep\u00e9rage des chemins de c\u00e2bles : Espace Rose\n\t\t\t\t<\/figcaption><\/figure><figure class='gallery-item'>\n\t\t\t<div class='gallery-icon landscape'>\n\t\t\t\t<a href='https:\/\/anaisinparis.com\/blog\/wp-content\/uploads\/2017\/04\/PEUPLIER-Chemin-de-Cable-espace-b\u00e9b\u00e9-BLEU.jpg'><img loading=\"lazy\" decoding=\"async\" width=\"300\" height=\"212\" src=\"https:\/\/anaisinparis.com\/blog\/wp-content\/uploads\/2017\/04\/PEUPLIER-Chemin-de-Cable-espace-b\u00e9b\u00e9-BLEU-300x212.jpg\" class=\"attachment-medium size-medium\" alt=\"\" aria-describedby=\"gallery-1-303\" srcset=\"https:\/\/anaisinparis.com\/blog\/wp-content\/uploads\/2017\/04\/PEUPLIER-Chemin-de-Cable-espace-b\u00e9b\u00e9-BLEU-300x212.jpg 300w, https:\/\/anaisinparis.com\/blog\/wp-content\/uploads\/2017\/04\/PEUPLIER-Chemin-de-Cable-espace-b\u00e9b\u00e9-BLEU-768x543.jpg 768w, https:\/\/anaisinparis.com\/blog\/wp-content\/uploads\/2017\/04\/PEUPLIER-Chemin-de-Cable-espace-b\u00e9b\u00e9-BLEU-700x495.jpg 700w\" sizes=\"auto, (max-width: 300px) 100vw, 300px\" \/><\/a>\n\t\t\t<\/div>\n\t\t\t\t<figcaption class='wp-caption-text gallery-caption' id='gallery-1-303'>\n\t\t\t\tPlan de rep\u00e9rage des chemins de c\u00e2bles : Espace Bleu\n\t\t\t\t<\/figcaption><\/figure>\n\t\t<\/div>\n\n<p>Ainsi chaque espace s&rsquo;est vu attribu\u00e9 une couleur, dans les tons pastels pour s&rsquo;accorder au th\u00e8me de la cr\u00e8che. Le chemin de c\u00e2ble devient alors une bande de couleur qui passe du plafond au mur en bande de peinture qui circule depuis l&rsquo;entr\u00e9e et am\u00e8ne l&rsquo;enfant jusque dans sa salle d&rsquo;\u00e9veil.<\/p>\n<figure id=\"attachment_577\" aria-describedby=\"caption-attachment-577\" style=\"width: 150px\" class=\"wp-caption alignleft\"><a href=\"http:\/\/anaisinparis.com\/blog\/wp-content\/uploads\/2018\/08\/DSC_0036.jpg\"><img loading=\"lazy\" decoding=\"async\" class=\"wp-image-577 size-thumbnail\" src=\"http:\/\/anaisinparis.com\/blog\/wp-content\/uploads\/2018\/08\/DSC_0036-150x150.jpg\" alt=\"\" width=\"150\" height=\"150\" \/><\/a><figcaption id=\"caption-attachment-577\" class=\"wp-caption-text\">Espace d&rsquo;entr\u00e9e ext\u00e9rieur<\/figcaption><\/figure>\n<figure id=\"attachment_578\" aria-describedby=\"caption-attachment-578\" style=\"width: 150px\" class=\"wp-caption alignleft\"><a href=\"http:\/\/anaisinparis.com\/blog\/wp-content\/uploads\/2018\/08\/DSC_0041.jpg\"><img loading=\"lazy\" decoding=\"async\" class=\"wp-image-578 size-thumbnail\" src=\"http:\/\/anaisinparis.com\/blog\/wp-content\/uploads\/2018\/08\/DSC_0041-150x150.jpg\" alt=\"\" width=\"150\" height=\"150\" \/><\/a><figcaption id=\"caption-attachment-578\" class=\"wp-caption-text\">Hall d&rsquo;entr\u00e9e int\u00e9rieur<\/figcaption><\/figure>\n<figure id=\"attachment_580\" aria-describedby=\"caption-attachment-580\" style=\"width: 150px\" class=\"wp-caption alignleft\"><img loading=\"lazy\" decoding=\"async\" class=\"wp-image-580 size-thumbnail\" src=\"http:\/\/anaisinparis.com\/blog\/wp-content\/uploads\/2018\/08\/DSC_0046-e1535203323505-150x150.jpg\" alt=\"\" width=\"150\" height=\"150\" \/><figcaption id=\"caption-attachment-580\" class=\"wp-caption-text\">Escalier acc\u00e8s espaces des enfants<\/figcaption><\/figure>\n<figure id=\"attachment_581\" aria-describedby=\"caption-attachment-581\" style=\"width: 150px\" class=\"wp-caption alignleft\"><a href=\"http:\/\/anaisinparis.com\/blog\/wp-content\/uploads\/2018\/08\/DSC_0048-e1535203359845.jpg\"><img loading=\"lazy\" decoding=\"async\" class=\"wp-image-581 size-thumbnail\" src=\"http:\/\/anaisinparis.com\/blog\/wp-content\/uploads\/2018\/08\/DSC_0048-e1535203359845-150x150.jpg\" alt=\"\" width=\"150\" height=\"150\" \/><\/a><figcaption id=\"caption-attachment-581\" class=\"wp-caption-text\">Rep\u00e9rage des 3 couleurs des sections<\/figcaption><\/figure>\n<figure id=\"attachment_582\" aria-describedby=\"caption-attachment-582\" style=\"width: 150px\" class=\"wp-caption alignleft\"><a href=\"http:\/\/anaisinparis.com\/blog\/wp-content\/uploads\/2018\/08\/DSC_0055.jpg\"><img loading=\"lazy\" decoding=\"async\" class=\"wp-image-582 size-thumbnail\" src=\"http:\/\/anaisinparis.com\/blog\/wp-content\/uploads\/2018\/08\/DSC_0055-150x150.jpg\" alt=\"\" width=\"150\" height=\"150\" \/><\/a><figcaption id=\"caption-attachment-582\" class=\"wp-caption-text\">Casiers pour les affaires des b\u00e9b\u00e9s<\/figcaption><\/figure>\n<figure id=\"attachment_583\" aria-describedby=\"caption-attachment-583\" style=\"width: 150px\" class=\"wp-caption alignleft\"><a href=\"http:\/\/anaisinparis.com\/blog\/wp-content\/uploads\/2018\/08\/DSC_0057-e1535203438345.jpg\"><img loading=\"lazy\" decoding=\"async\" class=\"wp-image-583 size-thumbnail\" src=\"http:\/\/anaisinparis.com\/blog\/wp-content\/uploads\/2018\/08\/DSC_0057-e1535203438345-150x150.jpg\" alt=\"\" width=\"150\" height=\"150\" \/><\/a><figcaption id=\"caption-attachment-583\" class=\"wp-caption-text\">Vers les sections des grands<\/figcaption><\/figure>\n<figure id=\"attachment_585\" aria-describedby=\"caption-attachment-585\" style=\"width: 150px\" class=\"wp-caption alignleft\"><a href=\"http:\/\/anaisinparis.com\/blog\/wp-content\/uploads\/2018\/08\/DSC_0066.jpg\"><img loading=\"lazy\" decoding=\"async\" class=\"wp-image-585 size-thumbnail\" src=\"http:\/\/anaisinparis.com\/blog\/wp-content\/uploads\/2018\/08\/DSC_0066-150x150.jpg\" alt=\"\" width=\"150\" height=\"150\" \/><\/a><figcaption id=\"caption-attachment-585\" class=\"wp-caption-text\">Section verte &#8211; enfants de 1 an \u00e0 2 ans<\/figcaption><\/figure>\n<figure id=\"attachment_586\" aria-describedby=\"caption-attachment-586\" style=\"width: 150px\" class=\"wp-caption alignleft\"><a href=\"http:\/\/anaisinparis.com\/blog\/wp-content\/uploads\/2018\/08\/DSC_0067.jpg\"><img loading=\"lazy\" decoding=\"async\" class=\"wp-image-586 size-thumbnail\" src=\"http:\/\/anaisinparis.com\/blog\/wp-content\/uploads\/2018\/08\/DSC_0067-150x150.jpg\" alt=\"\" width=\"150\" height=\"150\" \/><\/a><figcaption id=\"caption-attachment-586\" class=\"wp-caption-text\">Espace Rose &#8211; communiquant avec l&rsquo;espace vert<\/figcaption><\/figure>\n<figure id=\"attachment_587\" aria-describedby=\"caption-attachment-587\" style=\"width: 150px\" class=\"wp-caption alignleft\"><a href=\"http:\/\/anaisinparis.com\/blog\/wp-content\/uploads\/2018\/08\/DSC_0068.jpg\"><img loading=\"lazy\" decoding=\"async\" class=\"wp-image-587 size-thumbnail\" src=\"http:\/\/anaisinparis.com\/blog\/wp-content\/uploads\/2018\/08\/DSC_0068-150x150.jpg\" alt=\"\" width=\"150\" height=\"150\" \/><\/a><figcaption id=\"caption-attachment-587\" class=\"wp-caption-text\">Espace Rose &#8211; enfants de 2 ans \u00e0 3 ans<\/figcaption><\/figure>\n<figure id=\"attachment_588\" aria-describedby=\"caption-attachment-588\" style=\"width: 150px\" class=\"wp-caption alignleft\"><a href=\"http:\/\/anaisinparis.com\/blog\/wp-content\/uploads\/2018\/08\/DSC_0075.jpg\"><img loading=\"lazy\" decoding=\"async\" class=\"wp-image-588 size-thumbnail\" src=\"http:\/\/anaisinparis.com\/blog\/wp-content\/uploads\/2018\/08\/DSC_0075-150x150.jpg\" alt=\"\" width=\"150\" height=\"150\" \/><\/a><figcaption id=\"caption-attachment-588\" class=\"wp-caption-text\">Espace Rose<\/figcaption><\/figure>\n<figure id=\"attachment_589\" aria-describedby=\"caption-attachment-589\" style=\"width: 150px\" class=\"wp-caption alignleft\"><a href=\"http:\/\/anaisinparis.com\/blog\/wp-content\/uploads\/2018\/08\/DSC_0086-e1535203574469.jpg\"><img loading=\"lazy\" decoding=\"async\" class=\"wp-image-589 size-thumbnail\" src=\"http:\/\/anaisinparis.com\/blog\/wp-content\/uploads\/2018\/08\/DSC_0086-e1535203574469-150x150.jpg\" alt=\"\" width=\"150\" height=\"150\" \/><\/a><figcaption id=\"caption-attachment-589\" class=\"wp-caption-text\">Espace ext\u00e9rieur pour les b\u00e9b\u00e9s<\/figcaption><\/figure>\n<figure id=\"attachment_590\" aria-describedby=\"caption-attachment-590\" style=\"width: 150px\" class=\"wp-caption alignleft\"><a href=\"http:\/\/anaisinparis.com\/blog\/wp-content\/uploads\/2018\/08\/DSC_0088.jpg\"><img loading=\"lazy\" decoding=\"async\" class=\"wp-image-590 size-thumbnail\" src=\"http:\/\/anaisinparis.com\/blog\/wp-content\/uploads\/2018\/08\/DSC_0088-150x150.jpg\" alt=\"\" width=\"150\" height=\"150\" \/><\/a><figcaption id=\"caption-attachment-590\" class=\"wp-caption-text\">Espace Bleu &#8211; nourrissons de 2 mois \u00e0 1 an<\/figcaption><\/figure>\n<p>&nbsp;<\/p>\n","protected":false},"excerpt":{"rendered":"<p>Projet d&rsquo;am\u00e9nagement d&rsquo;une cr\u00e8che, suivi de chantier et cr\u00e9ation de la mise en lumi\u00e8re &#8211;&#8230;<\/p>\n<div class=\"more-link-wrapper\"><a class=\"more-link\" href=\"https:\/\/anaisinparis.com\/blog\/index.php\/realisation-architecturale\/creche-de-peuplier\/\">Read the post<span class=\"screen-reader-text\">CRECHE DE PEUPLIER<\/span><\/a><\/div>\n","protected":false},"author":1,"featured_media":0,"parent":448,"menu_order":0,"comment_status":"closed","ping_status":"closed","template":"","meta":{"iawp_total_views":8,"footnotes":""},"class_list":["post-306","page","type-page","status-publish","hentry","excerpt","full-without-featured","even","excerpt-0"],"_links":{"self":[{"href":"https:\/\/anaisinparis.com\/blog\/index.php\/wp-json\/wp\/v2\/pages\/306","targetHints":{"allow":["GET"]}}],"collection":[{"href":"https:\/\/anaisinparis.com\/blog\/index.php\/wp-json\/wp\/v2\/pages"}],"about":[{"href":"https:\/\/anaisinparis.com\/blog\/index.php\/wp-json\/wp\/v2\/types\/page"}],"author":[{"embeddable":true,"href":"https:\/\/anaisinparis.com\/blog\/index.php\/wp-json\/wp\/v2\/users\/1"}],"replies":[{"embeddable":true,"href":"https:\/\/anaisinparis.com\/blog\/index.php\/wp-json\/wp\/v2\/comments?post=306"}],"version-history":[{"count":10,"href":"https:\/\/anaisinparis.com\/blog\/index.php\/wp-json\/wp\/v2\/pages\/306\/revisions"}],"predecessor-version":[{"id":596,"href":"https:\/\/anaisinparis.com\/blog\/index.php\/wp-json\/wp\/v2\/pages\/306\/revisions\/596"}],"up":[{"embeddable":true,"href":"https:\/\/anaisinparis.com\/blog\/index.php\/wp-json\/wp\/v2\/pages\/448"}],"wp:attachment":[{"href":"https:\/\/anaisinparis.com\/blog\/index.php\/wp-json\/wp\/v2\/media?parent=306"}],"curies":[{"name":"wp","href":"https:\/\/api.w.org\/{rel}","templated":true}]}}