{"id":528,"date":"2018-08-25T11:57:37","date_gmt":"2018-08-25T09:57:37","guid":{"rendered":"http:\/\/anaisinparis.com\/blog\/?page_id=528"},"modified":"2018-08-25T15:36:17","modified_gmt":"2018-08-25T13:36:17","slug":"rehabilitation-salles-de-pauses","status":"publish","type":"page","link":"https:\/\/anaisinparis.com\/blog\/index.php\/realisation-architecturale\/rehabilitation-salles-de-pauses\/","title":{"rendered":"REHABILITATION SALLES DE PAUSES"},"content":{"rendered":"<p>Projet et r\u00e9habilitation de quatre salles de pauses au c\u0153ur de cr\u00e8ches &#8211; exp\u00e9rience professionnelle au sein de l&rsquo;Association de La Maison Kangourou &#8211; Juillet \u00e0 Ao\u00fbt 2016<\/p>\n<figure id=\"attachment_242\" aria-describedby=\"caption-attachment-242\" style=\"width: 150px\" class=\"wp-caption alignleft\"><a href=\"http:\/\/anaisinparis.com\/blog\/index.php\/realisation-architecturale\/creche-de-jacquemont\/\"><img loading=\"lazy\" decoding=\"async\" class=\"wp-image-242 size-thumbnail\" src=\"http:\/\/anaisinparis.com\/blog\/wp-content\/uploads\/2017\/04\/20160815_135835-150x150.jpg\" alt=\"\" width=\"150\" height=\"150\" \/><\/a><figcaption id=\"caption-attachment-242\" class=\"wp-caption-text\">CRECHE DE JACQUEMONT<\/figcaption><\/figure>\n<figure id=\"attachment_248\" aria-describedby=\"caption-attachment-248\" style=\"width: 150px\" class=\"wp-caption alignleft\"><a href=\"http:\/\/anaisinparis.com\/blog\/index.php\/realisation-architecturale\/creche-de-hauteville\/\"><img loading=\"lazy\" decoding=\"async\" class=\"wp-image-248 size-thumbnail\" src=\"http:\/\/anaisinparis.com\/blog\/wp-content\/uploads\/2017\/04\/20160817_145333-e1491668591942-150x150.jpg\" alt=\"\" width=\"150\" height=\"150\" \/><\/a><figcaption id=\"caption-attachment-248\" class=\"wp-caption-text\">CRECHE DE HAUTEVILLE<\/figcaption><\/figure>\n<figure id=\"attachment_253\" aria-describedby=\"caption-attachment-253\" style=\"width: 150px\" class=\"wp-caption alignleft\"><a href=\"http:\/\/anaisinparis.com\/blog\/index.php\/realisation-architecturale\/creche-de-chapelle\/\"><img loading=\"lazy\" decoding=\"async\" class=\"wp-image-253 size-thumbnail\" src=\"http:\/\/anaisinparis.com\/blog\/wp-content\/uploads\/2017\/04\/20160819_162123-150x150.jpg\" alt=\"\" width=\"150\" height=\"150\" \/><\/a><figcaption id=\"caption-attachment-253\" class=\"wp-caption-text\">CRECHE DE CHAPELLE<\/figcaption><\/figure>\n<figure id=\"attachment_250\" aria-describedby=\"caption-attachment-250\" style=\"width: 150px\" class=\"wp-caption alignleft\"><a href=\"http:\/\/anaisinparis.com\/blog\/index.php\/realisation-architecturale\/creche-de-ourcq\/\"><img loading=\"lazy\" decoding=\"async\" class=\"wp-image-250 size-thumbnail\" src=\"http:\/\/anaisinparis.com\/blog\/wp-content\/uploads\/2017\/04\/20160819_114023-e1491668571494-150x150.jpg\" alt=\"\" width=\"150\" height=\"150\" \/><\/a><figcaption id=\"caption-attachment-250\" class=\"wp-caption-text\">CRECHE DE OURCQ<\/figcaption><\/figure>\n<p>&nbsp;<\/p>\n","protected":false},"excerpt":{"rendered":"<p>Projet et r\u00e9habilitation de quatre salles de pauses au c\u0153ur de cr\u00e8ches &#8211; exp\u00e9rience professionnelle&#8230;<\/p>\n<div class=\"more-link-wrapper\"><a class=\"more-link\" href=\"https:\/\/anaisinparis.com\/blog\/index.php\/realisation-architecturale\/rehabilitation-salles-de-pauses\/\">Read the post<span class=\"screen-reader-text\">REHABILITATION SALLES DE PAUSES<\/span><\/a><\/div>\n","protected":false},"author":1,"featured_media":0,"parent":448,"menu_order":0,"comment_status":"closed","ping_status":"closed","template":"","meta":{"iawp_total_views":4,"footnotes":""},"class_list":["post-528","page","type-page","status-publish","hentry","excerpt","full-without-featured","even","excerpt-0"],"_links":{"self":[{"href":"https:\/\/anaisinparis.com\/blog\/index.php\/wp-json\/wp\/v2\/pages\/528","targetHints":{"allow":["GET"]}}],"collection":[{"href":"https:\/\/anaisinparis.com\/blog\/index.php\/wp-json\/wp\/v2\/pages"}],"about":[{"href":"https:\/\/anaisinparis.com\/blog\/index.php\/wp-json\/wp\/v2\/types\/page"}],"author":[{"embeddable":true,"href":"https:\/\/anaisinparis.com\/blog\/index.php\/wp-json\/wp\/v2\/users\/1"}],"replies":[{"embeddable":true,"href":"https:\/\/anaisinparis.com\/blog\/index.php\/wp-json\/wp\/v2\/comments?post=528"}],"version-history":[{"count":6,"href":"https:\/\/anaisinparis.com\/blog\/index.php\/wp-json\/wp\/v2\/pages\/528\/revisions"}],"predecessor-version":[{"id":600,"href":"https:\/\/anaisinparis.com\/blog\/index.php\/wp-json\/wp\/v2\/pages\/528\/revisions\/600"}],"up":[{"embeddable":true,"href":"https:\/\/anaisinparis.com\/blog\/index.php\/wp-json\/wp\/v2\/pages\/448"}],"wp:attachment":[{"href":"https:\/\/anaisinparis.com\/blog\/index.php\/wp-json\/wp\/v2\/media?parent=528"}],"curies":[{"name":"wp","href":"https:\/\/api.w.org\/{rel}","templated":true}]}}